{"id":3,"date":"2021-02-02T06:42:18","date_gmt":"2021-02-02T06:42:18","guid":{"rendered":"https:\/\/honorata-skarbek.com\/?page_id=3"},"modified":"2023-08-18T13:23:02","modified_gmt":"2023-08-18T13:23:02","slug":"adatvedelmi-politika","status":"publish","type":"page","link":"https:\/\/honorata-skarbek.com\/hu\/adatvedelmi-politika\/","title":{"rendered":"Adatv\u00e9delmi ir\u00e1nyelvek"},"content":{"rendered":"<div id=\"ez-toc-container\" class=\"ez-toc-v2_0_82_2 counter-hierarchy ez-toc-counter ez-toc-light-blue ez-toc-container-direction\">\n<p class=\"ez-toc-title\" style=\"cursor:inherit\">Tartalomjegyz\u00e9k<\/p>\n<label for=\"ez-toc-cssicon-toggle-item-69f4c42ddf39e\" class=\"ez-toc-cssicon-toggle-label\"><span class=\"\"><span class=\"eztoc-hide\" style=\"display:none;\">Toggle<\/span><span class=\"ez-toc-icon-toggle-span\"><svg style=\"fill: #999;color:#999\" xmlns=\"http:\/\/www.w3.org\/2000\/svg\" class=\"list-377408\" width=\"20px\" height=\"20px\" viewbox=\"0 0 24 24\" fill=\"none\"><path d=\"M6 6H4v2h2V6zm14 0H8v2h12V6zM4 11h2v2H4v-2zm16 0H8v2h12v-2zM4 16h2v2H4v-2zm16 0H8v2h12v-2z\" fill=\"currentColor\"><\/path><\/svg><svg style=\"fill: #999;color:#999\" class=\"arrow-unsorted-368013\" xmlns=\"http:\/\/www.w3.org\/2000\/svg\" width=\"10px\" height=\"10px\" viewbox=\"0 0 24 24\" version=\"1.2\" baseprofile=\"tiny\"><path d=\"M18.2 9.3l-6.2-6.3-6.2 6.3c-.2.2-.3.4-.3.7s.1.5.3.7c.2.2.4.3.7.3h11c.3 0 .5-.1.7-.3.2-.2.3-.5.3-.7s-.1-.5-.3-.7zM5.8 14.7l6.2 6.3 6.2-6.3c.2-.2.3-.5.3-.7s-.1-.5-.3-.7c-.2-.2-.4-.3-.7-.3h-11c-.3 0-.5.1-.7.3-.2.2-.3.5-.3.7s.1.5.3.7z\"\/><\/svg><\/span><\/span><\/label><input type=\"checkbox\"  id=\"ez-toc-cssicon-toggle-item-69f4c42ddf39e\" checked aria-label=\"Toggle\" \/><nav><ul class='ez-toc-list ez-toc-list-level-1' ><li class='ez-toc-page-1 ez-toc-heading-level-2'><a class=\"ez-toc-link ez-toc-heading-1\" href=\"https:\/\/honorata-skarbek.com\/hu\/adatvedelmi-politika\/#Gromadzenie_informacji_i_ochrona_danych_osobowych\" >Inform\u00e1ci\u00f3gy\u0171jt\u00e9s \u00e9s a szem\u00e9lyes adatok v\u00e9delme<\/a><\/li><li class='ez-toc-page-1 ez-toc-heading-level-2'><a class=\"ez-toc-link ez-toc-heading-2\" href=\"https:\/\/honorata-skarbek.com\/hu\/adatvedelmi-politika\/#Komentarze\" >Megjegyz\u00e9sek<\/a><\/li><li class='ez-toc-page-1 ez-toc-heading-level-2'><a class=\"ez-toc-link ez-toc-heading-3\" href=\"https:\/\/honorata-skarbek.com\/hu\/adatvedelmi-politika\/#Formularz_kontaktowy\" >Kapcsolatfelv\u00e9teli \u0171rlap<\/a><\/li><li class='ez-toc-page-1 ez-toc-heading-level-2'><a class=\"ez-toc-link ez-toc-heading-4\" href=\"https:\/\/honorata-skarbek.com\/hu\/adatvedelmi-politika\/#Pliki_cookies\" >S\u00fctik<\/a><\/li><li class='ez-toc-page-1 ez-toc-heading-level-2'><a class=\"ez-toc-link ez-toc-heading-5\" href=\"https:\/\/honorata-skarbek.com\/hu\/adatvedelmi-politika\/#Prawo_dostepu_do_danych\" >Az adatokhoz val\u00f3 hozz\u00e1f\u00e9r\u00e9s joga<\/a><\/li><li class='ez-toc-page-1 ez-toc-heading-level-2'><a class=\"ez-toc-link ez-toc-heading-6\" href=\"https:\/\/honorata-skarbek.com\/hu\/adatvedelmi-politika\/#Logi_serwera\" >Szerver napl\u00f3k<\/a><\/li><li class='ez-toc-page-1 ez-toc-heading-level-2'><a class=\"ez-toc-link ez-toc-heading-7\" href=\"https:\/\/honorata-skarbek.com\/hu\/adatvedelmi-politika\/#Zgoda\" >Hozz\u00e1j\u00e1rul\u00e1s<\/a><\/li><\/ul><\/nav><\/div>\n\n<p>Adatv\u00e9delmi ir\u00e1nyelvek<\/p>\n\n\n\n<p>Az \u00d6n biztons\u00e1ga \u00e9s mag\u00e1n\u00e9let\u00e9nek v\u00e9delme \u00e9rdek\u00e9ben elk\u00e9sz\u00edtett\u00fcnk egy dokumentumot, amelyben a https:\/\/honorata-skarbek.com\/ weboldal haszn\u00e1lat\u00e1val kapcsolatban a szem\u00e9lyes adatok feldolgoz\u00e1s\u00e1nak \u00e9s a cookie-k haszn\u00e1lat\u00e1nak szab\u00e1lyait tal\u00e1lja.<\/p>\n\n\n\n<h2 class=\"wp-block-heading\"><span class=\"ez-toc-section\" id=\"Gromadzenie_informacji_i_ochrona_danych_osobowych\"><\/span><strong>Inform\u00e1ci\u00f3gy\u0171jt\u00e9s \u00e9s a szem\u00e9lyes adatok v\u00e9delme<\/strong><span class=\"ez-toc-section-end\"><\/span><\/h2>\n\n\n\n<p>A weboldal megfelel a hat\u00e1lyos adatv\u00e9delmi jogszab\u00e1lyoknak, \u00e9s a rendszergazda elk\u00f6telezett amellett, hogy a weboldalt haszn\u00e1l\u00f3 szem\u00e9lyek biztons\u00e1gban \u00e9rezz\u00e9k magukat.<\/p>\n\n\n\n<p>A megadott szem\u00e9lyes adatokat megfelel\u0151en v\u00e9dj\u00fck, hogy azok ne ker\u00fclhessenek illet\u00e9ktelen szem\u00e9lyek kez\u00e9be. Az adatokat nem adj\u00e1k \u00e1t, nem adj\u00e1k tov\u00e1bb, nem adj\u00e1k el \u00e9s nem \u00e9lnek vissza vel\u00fck. Felh\u00edvjuk figyelm\u00e9t, hogy a szem\u00e9lyes adatok megad\u00e1sa mindig \u00f6nk\u00e9ntes, de sz\u00fcks\u00e9ges ahhoz is, hogy hozz\u00e1sz\u00f3l\u00e1st f\u0171zz\u00f6n a bloghoz, vagy hogy kapcsolatba l\u00e9pjen vel\u00fcnk a kapcsolatfelv\u00e9teli \u0171rlapon kereszt\u00fcl.<\/p>\n\n\n\n<h2 class=\"wp-block-heading\"><span class=\"ez-toc-section\" id=\"Komentarze\"><\/span><strong>Megjegyz\u00e9sek<\/strong><span class=\"ez-toc-section-end\"><\/span><\/h2>\n\n\n\n<p>Amikor az oldal l\u00e1togat\u00f3ja hozz\u00e1sz\u00f3l\u00e1st hagy, a spam-felismer\u00e9s el\u0151seg\u00edt\u00e9se \u00e9rdek\u00e9ben \u00f6sszegy\u0171jtj\u00fck a hozz\u00e1sz\u00f3l\u00e1si \u0171rlapon l\u00e1that\u00f3 adatokat, valamint a l\u00e1togat\u00f3 IP-c\u00edm\u00e9t \u00e9s b\u00f6ng\u00e9sz\u0151j\u00e9nek al\u00e1\u00edr\u00e1s\u00e1t. A hozz\u00e1sz\u00f3l\u00e1s megad\u00e1sa teljesen \u00f6nk\u00e9ntes. A hozz\u00e1sz\u00f3l\u00e1s meghagy\u00e1s\u00e1val azonban \u00d6n hozz\u00e1j\u00e1rul az \u00d6n \u00e1ltal megadott szem\u00e9lyes adatok feldolgoz\u00e1s\u00e1hoz.<\/p>\n\n\n\n<h2 class=\"wp-block-heading\"><span class=\"ez-toc-section\" id=\"Formularz_kontaktowy\"><\/span><strong>Kapcsolatfelv\u00e9teli \u0171rlap<\/strong><span class=\"ez-toc-section-end\"><\/span><\/h2>\n\n\n\n<p>A blogon, a https:\/\/honorata-skarbek.com\/kontakt\/ oldalon tal\u00e1lhat\u00f3 egy kapcsolatfelv\u00e9teli \u0171rlap, amellyel kapcsolatba l\u00e9phet vel\u00fcnk. A kapcsolatfelv\u00e9teli \u0171rlap kit\u00f6lt\u00e9s\u00e9hez szem\u00e9lyes adatok megad\u00e1sa sz\u00fcks\u00e9ges, amelyeket az \u0171rlapot bek\u00fcld\u0151 szem\u00e9llyel val\u00f3 kapcsolatfelv\u00e9telre haszn\u00e1lunk fel a megkeres\u00e9s vagy k\u00e9r\u00e9s megv\u00e1laszol\u00e1sa \u00e9rdek\u00e9ben. Az \u0171rlapon kereszt\u00fcl elk\u00fcld\u00f6tt adatokat \u00fcgyf\u00e9lszolg\u00e1lati c\u00e9lokb\u00f3l hat\u00e1rozatlan ideig t\u00e1roljuk, de az \u00edgy kapott inform\u00e1ci\u00f3kat nem haszn\u00e1ljuk fel marketingc\u00e9lokra.<\/p>\n\n\n\n<h2 class=\"wp-block-heading\"><span class=\"ez-toc-section\" id=\"Pliki_cookies\"><\/span><strong>S\u00fctik<\/strong><span class=\"ez-toc-section-end\"><\/span><\/h2>\n\n\n\n<p>A weboldal cookie-kat haszn\u00e1l, amelyeket a weboldal oldalainak tartalm\u00e1nak testreszab\u00e1s\u00e1ra haszn\u00e1lunk, hogy az oldal megfelel\u0151en jelenjen meg a felhaszn\u00e1l\u00f3 eszk\u00f6z\u00e9n, statisztik\u00e1k k\u00e9sz\u00edt\u00e9s\u00e9re, amelyek seg\u00edtenek meg\u00e9rteni, hogy a weboldal felhaszn\u00e1l\u00f3i hogyan haszn\u00e1lj\u00e1k a weboldalakat, \u00e9s hogy a weboldal mely oldalai a legn\u00e9pszer\u0171bbek, valamint hogy a felhaszn\u00e1l\u00f3k \u00e9rdekl\u0151d\u00e9si k\u00f6r\u00e9nek megfelel\u0151 rekl\u00e1mtartalmat k\u00edn\u00e1ljunk nekik.<\/p>\n\n\n\n<p>Amikor el\u0151sz\u00f6r l\u00e1togat el a blogra, megjelenik egy \u00e9rtes\u00edt\u00e9s a s\u00fctik haszn\u00e1lat\u00e1r\u00f3l. Ennek az \u00e9rtes\u00edt\u00e9snek az elfogad\u00e1sa azt jelenti, hogy \u00d6n hozz\u00e1j\u00e1rul a s\u00fctiknek a jelen adatv\u00e9delmi szab\u00e1lyzat rendelkez\u00e9seinek megfelel\u0151 haszn\u00e1lat\u00e1hoz. Ezt a hozz\u00e1j\u00e1rul\u00e1st b\u00e1rmikor visszavonhatja. Ehhez k\u00e9rj\u00fck, t\u00f6r\u00f6lje a cookie-kat, \u00e9s m\u00f3dos\u00edtsa a b\u00f6ng\u00e9sz\u0151j\u00e9ben a cookie-be\u00e1ll\u00edt\u00e1sokat.<\/p>\n\n\n\n<p>A haszn\u00e1lt s\u00fctik nem t\u00e1rolnak szem\u00e9lyes adatokat vagy m\u00e1s, a felhaszn\u00e1l\u00f3kt\u00f3l gy\u0171jt\u00f6tt inform\u00e1ci\u00f3kat, \u00e9s csak statisztikai c\u00e9lokra gy\u0171jtik \u0151ket.<\/p>\n\n\n\n<p>A Blog a k\u00f6vetkez\u0151 t\u00edpus\u00fa s\u00fctiket haszn\u00e1lja:<\/p>\n\n\n\n<ul class=\"wp-block-list\">\n<li>Alapvet\u0151 - a s\u00fctik hozz\u00e1j\u00e1rulnak a weboldal haszn\u00e1lhat\u00f3s\u00e1g\u00e1hoz az\u00e1ltal, hogy lehet\u0151v\u00e9 teszik az olyan alapvet\u0151 funkci\u00f3kat, mint a weboldalon val\u00f3 navig\u00e1ci\u00f3 \u00e9s a weboldal biztons\u00e1gos ter\u00fcleteinek el\u00e9r\u00e9se. A weboldal e s\u00fctik n\u00e9lk\u00fcl nem tud megfelel\u0151en m\u0171k\u00f6dni.<\/li>\n\n\n\n<li>Preferenci\u00e1k - a s\u00fctik hozz\u00e1j\u00e1rulnak a weboldal haszn\u00e1lhat\u00f3s\u00e1g\u00e1hoz az\u00e1ltal, hogy lehet\u0151v\u00e9 teszik az olyan alapvet\u0151 funkci\u00f3kat, mint a weboldalon val\u00f3 navig\u00e1ci\u00f3 \u00e9s a weboldal biztons\u00e1gos ter\u00fcleteinek el\u00e9r\u00e9se. A weboldal e s\u00fctik n\u00e9lk\u00fcl nem tud megfelel\u0151en m\u0171k\u00f6dni.<\/li>\n\n\n\n<li>Statisztik\u00e1k - A statisztikai s\u00fctik seg\u00edtenek a weboldal tulajdonosainak meg\u00e9rteni, hogyan viselkednek a k\u00fcl\u00f6nb\u00f6z\u0151 felhaszn\u00e1l\u00f3k az oldalon, anonim inform\u00e1ci\u00f3k gy\u0171jt\u00e9s\u00e9vel \u00e9s jelent\u00e9s\u00e9vel, pl. Yandex metrik\u00e1k - a Blogon v\u00e9gzett felhaszn\u00e1l\u00f3i m\u0171veletekkel kapcsolatos inform\u00e1ci\u00f3k gy\u0171jt\u00e9s\u00e9re szolg\u00e1lnak - forgalmi statisztik\u00e1k, kattint\u00e1sok sz\u00e1ma \u00e9s az egy\u00e9ni munkamenetek r\u00f6gz\u00edt\u00e9se. Ez lehet\u0151v\u00e9 teszi sz\u00e1munkra, hogy nyomon k\u00f6vess\u00fck az oldallal interakci\u00f3ba l\u00e9p\u0151 felhaszn\u00e1l\u00f3k tapasztalatait, ami felbecs\u00fclhetetlen seg\u00edts\u00e9get ny\u00fajt az oldal optimaliz\u00e1l\u00e1s\u00e1hoz. Ezeket az inform\u00e1ci\u00f3kat a tartalom \u00e9s a felhaszn\u00e1l\u00f3i \u00e9rdekl\u0151d\u00e9s elemz\u00e9se c\u00e9lj\u00e1b\u00f3l gy\u0171jtj\u00fck, hogy az olvas\u00f3k \u00e9rdekl\u0151d\u00e9s\u00e9hez k\u00f6zel \u00e1ll\u00f3 t\u00e9m\u00e1kban tudjunk tartalmat l\u00e9trehozni.<\/li>\n\n\n\n<li>Nem min\u0151s\u00edtett - A nem min\u0151s\u00edtett s\u00fctik olyan s\u00fctik, amelyek besorol\u00e1sa folyamatban van, az egyes s\u00fctik szolg\u00e1ltat\u00f3ival egy\u00fctt.<\/li>\n<\/ul>\n\n\n\n<h2 class=\"wp-block-heading\"><span class=\"ez-toc-section\" id=\"Prawo_dostepu_do_danych\"><\/span><strong>Az adatokhoz val\u00f3 hozz\u00e1f\u00e9r\u00e9s joga<\/strong><span class=\"ez-toc-section-end\"><\/span><\/h2>\n\n\n\n<p>Szem\u00e9lyes adatainak feldolgoz\u00e1s\u00e1val kapcsolatban \u00d6nt a k\u00f6vetkez\u0151 jogok illetik meg:<\/p>\n\n\n\n<ul class=\"wp-block-list\">\n<li>Az adatkezel\u0151t\u0151l az \u00d6n szem\u00e9lyes adataihoz val\u00f3 hozz\u00e1f\u00e9r\u00e9s k\u00e9relmez\u00e9s\u00e9nek joga;<\/li>\n\n\n\n<li>az adatok helyesb\u00edt\u00e9s\u00e9hez val\u00f3 jog;<\/li>\n\n\n\n<li>a t\u00f6rl\u00e9shez val\u00f3 jog;<\/li>\n\n\n\n<li>az adatkezel\u00e9s korl\u00e1toz\u00e1s\u00e1hoz val\u00f3 jog;<\/li>\n\n\n\n<li>A feldolgoz\u00e1s elleni tiltakoz\u00e1s joga;<\/li>\n\n\n\n<li>Az adatok hordozhat\u00f3s\u00e1g\u00e1hoz val\u00f3 jog (amennyire ez technikailag lehets\u00e9ges);<\/li>\n\n\n\n<li>a szem\u00e9lyes adatok meghat\u00e1rozott c\u00e9l\u00fa feldolgoz\u00e1s\u00e1hoz adott hozz\u00e1j\u00e1rul\u00e1s visszavon\u00e1s\u00e1hoz val\u00f3 jog, amennyiben a hozz\u00e1j\u00e1rul\u00e1st kor\u00e1bban m\u00e1r megadt\u00e1k;<\/li>\n\n\n\n<li>A szem\u00e9lyes adatok feldolgoz\u00e1s\u00e1val kapcsolatos panasz beny\u00fajt\u00e1s\u00e1nak joga egy fel\u00fcgyeleti hat\u00f3s\u00e1gn\u00e1l.<\/li>\n<\/ul>\n\n\n\n<h2 class=\"wp-block-heading\"><span class=\"ez-toc-section\" id=\"Logi_serwera\"><\/span><strong>Szerver napl\u00f3k<\/strong><span class=\"ez-toc-section-end\"><\/span><\/h2>\n\n\n\n<p>A weboldal haszn\u00e1lata sor\u00e1n k\u00e9r\u00e9seket kell k\u00fcldeni a szerverre, ahol a weboldal t\u00e1rol\u00f3dik. A szerverhez int\u00e9zett minden egyes k\u00e9r\u00e9st a szervernapl\u00f3k r\u00f6gz\u00edtenek.<\/p>\n\n\n\n<p>A napl\u00f3k t\u00f6bbek k\u00f6z\u00f6tt tartalmazz\u00e1k az \u00d6n IP-c\u00edm\u00e9t, a szerver d\u00e1tum\u00e1t \u00e9s id\u0151pontj\u00e1t, az \u00d6n webb\u00f6ng\u00e9sz\u0151j\u00e9re \u00e9s az \u00d6n \u00e1ltal haszn\u00e1lt oper\u00e1ci\u00f3s rendszerre vonatkoz\u00f3 inform\u00e1ci\u00f3kat. A napl\u00f3f\u00e1jlokat a kiszolg\u00e1l\u00f3n t\u00e1roljuk \u00e9s t\u00e1roljuk.<\/p>\n\n\n\n<p>A szervernapl\u00f3kban t\u00e1rolt adatok nem kapcsol\u00f3dnak a weboldal konkr\u00e9t felhaszn\u00e1l\u00f3ihoz, \u00e9s nem haszn\u00e1lhat\u00f3k a felhaszn\u00e1l\u00f3 azonos\u00edt\u00e1s\u00e1ra.<\/p>\n\n\n\n<p>A szervernapl\u00f3k csak a webhely adminisztr\u00e1ci\u00f3j\u00e1nak seg\u00e9danyagai, \u00e9s tartalmukat a szerver adminisztr\u00e1ci\u00f3j\u00e1ra jogosultakon k\u00edv\u00fcl senki m\u00e1snak nem adjuk ki.<\/p>\n\n\n\n<h2 class=\"wp-block-heading\"><span class=\"ez-toc-section\" id=\"Zgoda\"><\/span><strong>Hozz\u00e1j\u00e1rul\u00e1s<\/strong><span class=\"ez-toc-section-end\"><\/span><\/h2>\n\n\n\n<p><strong>A https:\/\/www.honorata-skarbek.com\/ weboldal haszn\u00e1lat\u00e1val \u00d6n kijelenti, hogy elolvasta \u00e9s elfogadja adatv\u00e9delmi szab\u00e1lyzatunkat.<\/strong><\/p>\n\n\n\n<p>Ez a weboldal szubjekt\u00edv v\u00e9lem\u00e9nyeken alapul\u00f3 cikkeket tartalmaz, \u00e9s nem min\u0151s\u00fcl orvosi tan\u00e1csad\u00e1snak. Nem v\u00e1llalunk felel\u0151ss\u00e9get a weboldalon tal\u00e1lhat\u00f3 inform\u00e1ci\u00f3kkal val\u00f3 vissza\u00e9l\u00e9s\u00e9rt. Az \u00e9trend-kieg\u00e9sz\u00edt\u0151k csak a norm\u00e1l \u00e9trend kieg\u00e9sz\u00edt\u00e9s\u00e9re szolg\u00e1lnak, nem rendelkeznek gy\u00f3gyhat\u00e1ssal. A term\u00e9kek megv\u00e1s\u00e1rl\u00e1sa el\u0151tt ellen\u0151rizze az itt tal\u00e1lhat\u00f3 tartalmakat, statisztik\u00e1kat \u00e9s id\u00e9zeteket a gy\u00e1rt\u00f3val. Ha k\u00e9ts\u00e9gei vannak az itt k\u00f6zz\u00e9tett tartalommal kapcsolatban <a href=\"https:\/\/honorata-skarbek.com\/hu\/kapcsolatfelvetel\/\" target=\"_blank\" data-type=\"page\" data-id=\"18\" rel=\"noreferrer noopener\">l\u00e9pjen kapcsolatba vel\u00fcnk.<\/a><\/p>\n\n\n\n<p><\/p>","protected":false},"excerpt":{"rendered":"<p>Adatv\u00e9delmi szab\u00e1lyzat Az \u00d6n biztons\u00e1ga \u00e9s mag\u00e1n\u00e9let\u00e9nek v\u00e9delme \u00e9rdek\u00e9ben k\u00e9sz\u00edtett\u00fcnk egy dokumentumot, amelyben a szem\u00e9lyes adatok feldolgoz\u00e1s\u00e1nak \u00e9s a cookie-k haszn\u00e1lat\u00e1nak szab\u00e1lyait tal\u00e1lja a https:\/\/honorata-skarbek.com\/ weboldal haszn\u00e1lat\u00e1val kapcsolatban. Inform\u00e1ci\u00f3gy\u0171jt\u00e9s \u00e9s a szem\u00e9lyes adatok v\u00e9delme A weboldal megfelel a hat\u00e1lyos adatv\u00e9delmi jogszab\u00e1lyoknak, \u00e9s az adminisztr\u00e1tor mindent megtesz annak \u00e9rdek\u00e9ben, hogy a weboldalt haszn\u00e1l\u00f3 szem\u00e9lyek ... <a title=\"Adatv\u00e9delmi ir\u00e1nyelvek\" class=\"read-more\" href=\"https:\/\/honorata-skarbek.com\/hu\/adatvedelmi-politika\/\" aria-label=\"Tov\u00e1bb Adatv\u00e9delmi szab\u00e1lyzat\">Olvass tov\u00e1bb<\/a><\/p>","protected":false},"author":1,"featured_media":0,"parent":0,"menu_order":0,"comment_status":"closed","ping_status":"open","template":"","meta":{"footnotes":""},"class_list":["post-3","page","type-page","status-publish"],"_links":{"self":[{"href":"https:\/\/honorata-skarbek.com\/hu\/wp-json\/wp\/v2\/pages\/3","targetHints":{"allow":["GET"]}}],"collection":[{"href":"https:\/\/honorata-skarbek.com\/hu\/wp-json\/wp\/v2\/pages"}],"about":[{"href":"https:\/\/honorata-skarbek.com\/hu\/wp-json\/wp\/v2\/types\/page"}],"author":[{"embeddable":true,"href":"https:\/\/honorata-skarbek.com\/hu\/wp-json\/wp\/v2\/users\/1"}],"replies":[{"embeddable":true,"href":"https:\/\/honorata-skarbek.com\/hu\/wp-json\/wp\/v2\/comments?post=3"}],"version-history":[{"count":0,"href":"https:\/\/honorata-skarbek.com\/hu\/wp-json\/wp\/v2\/pages\/3\/revisions"}],"wp:attachment":[{"href":"https:\/\/honorata-skarbek.com\/hu\/wp-json\/wp\/v2\/media?parent=3"}],"curies":[{"name":"wp","href":"https:\/\/api.w.org\/{rel}","templated":true}]}}